{"id":49902,"date":"2024-03-06T08:06:52","date_gmt":"2024-03-06T07:06:52","guid":{"rendered":"https:\/\/www.raschvin.com\/produkt\/soalheiro-alvarinho-d-o-c-2023-75-cl\/"},"modified":"2025-08-08T08:05:53","modified_gmt":"2025-08-08T06:05:53","slug":"soalheiro-alvarinho-d-o-c-2023-75-cl","status":"publish","type":"product","link":"https:\/\/www.raschvin.com\/sv\/produkt\/soalheiro-alvarinho-d-o-c-2023-75-cl\/","title":{"rendered":"Soalheiro Alvarinho D.O.C. 2024 75 cl."},"content":{"rendered":"<p>L\u00e4tt, citrongul f\u00e4rg och k\u00e4nnetecknas av sin fr\u00e4scha och eleganta doft, som visar den vackra, aromatiska komplexiteten hos druvan Alvarinho. Smaken f\u00f6ljer upp med intensiva tropiska och mineraliska toner som \u00e4r perfekt balanserade med vinets syra och m\u00e5ttliga alkoholhalt.<\/p>\n<p>94 PO\u00c4NG<br \/>\nDecanter World Wines Awards 2023<br \/>\nGULD<br \/>\nConcours Mondial de Bruxelles 2023<br \/>\nGULD<br \/>\nMundus VINER 2023<br \/>\nGULD<br \/>\nSAKURA &#8211; Japan Women&#8217;s Wine Awards 2023<\/p>\n<p>Soalheiro Alvarinho har smeknamnet &#8217;Cl\u00e1ssico&#8217; eftersom det var det f\u00f6rsta vinet som familjen n\u00e5gonsin gjorde 1982. Sedan dess har det f\u00f6rblivit husets mest klassiska ensorts Alvarinho med en h\u00e4rlig aromatisk fr\u00e4sch\u00f6r och intensiv smak. Ett vin vi dricker till m\u00e5nga, m\u00e5nga tillf\u00e4llen.<\/p>\n<p>Om Soalheiro<br \/>\nQuinta de Soalheiro ligger i Melgaco i norra Portugal, \u00e4nda fram till gr\u00e4nsen till Spanien, skyddad fr\u00e5n vind och v\u00e4der av bergen i omr\u00e5det. H\u00e4r var Soalheiro den f\u00f6rsta producenten som anv\u00e4nde den speciella portugisiska vitvinsdruvan Alvarinho. Den bergiga regionen s\u00e4kerst\u00e4ller en optimal kombination av livgivande regn och r\u00e4tt temperaturer samtidigt som druvorna f\u00e5r mycket solljus. D\u00e4rf\u00f6r trivs druvorna och levererar livliga och eleganta viner, som har blivit k\u00e4nnetecknet f\u00f6r regionen och f\u00f6r sj\u00e4lva ving\u00e5rden.Det var h\u00e4r i omr\u00e5det som Jo\u00e3o Ant\u00f3nio Cerdeira planterade de f\u00f6rsta Alvarinho-vinstockarna 1974. Idag \u00e4r Quinta de Soalheiro en familjedriven ving\u00e5rd, som producerar fantastiska viner under nuvarande chef Maria Palmira Cerdeira och hennes barn, Maria Jo\u00e3o Cerdeira och Ant\u00f3nio Lu\u00eds Cerdeira, husets vinmakare. Namnet &#8217;Soalheiro&#8217; betyder mycket passande &#8221;en solig plats&#8221; och \u00e4r en referens till det portugisiska klimatet som ving\u00e5rdens vinstockar drar nytta av. Skyddet av bergen och en granithaltig jord s\u00e4kerst\u00e4ller optimala f\u00f6rh\u00e5llanden. Druvorna sk\u00f6rdas i sm\u00e5 l\u00e5dor f\u00f6r att undvika skador och f\u00f6rs snabbt till ving\u00e5rden. H\u00e4r ligger de svalt i 48 timmar innan de pressas. Alvarinho-druvan \u00e4r egentligen en \u00e4ldre druvsort som visat sitt v\u00e4rde under m\u00e5nga \u00e5r. H\u00e4r \u00e4r det basen f\u00f6r m\u00e5nga viner i hela Vinho Verde-regionen. Druvan har en mycket karakteristisk blommig och fruktig profil med toner av lind, persika, druva och \u00e4pple och passar perfekt i en klassisk, fr\u00e4sch Vinho Verde. Faktum \u00e4r att druvans kvaliteter \u00e4r s\u00e5 eftertraktade att den \u00e4ven exporteras till sydligare klimat i Portugal, d\u00e4r de kombineras med lokala druvor.<\/p>\n","protected":false},"excerpt":{"rendered":"<p>Vinho Verde &#8211; Portugal<\/p>\n","protected":false},"featured_media":49970,"template":"","meta":{"_acf_changed":false,"rs_blank_template":"","rs_page_bg_color":"","slide_template_v7":""},"product_brand":[],"product_cat":[2788,2792],"product_tag":[],"class_list":{"0":"post-49902","1":"product","2":"type-product","3":"status-publish","4":"has-post-thumbnail","6":"product_cat-vin-sv","7":"product_cat-vitt-vin","8":"pa_aargang-2024-sv","9":"pa_drue-alvarinho-sv","10":"pa_land-portugal-sv","11":"pa_procent-12-5-sv","12":"pa_producent-soalheiro-sv","13":"pa_region-vinho-verde-sv","14":"pa_serveringstemperatur-8-10-sv","15":"pa_volume-75-sv","17":"first","18":"instock","19":"taxable","20":"shipping-taxable","21":"purchasable","22":"product-type-simple"},"bundled_by":["119715"],"bundle_stock_status":"instock","bundle_stock_quantity":null,"bundle_virtual":false,"bundle_layout":"","bundle_add_to_cart_form_location":"","bundle_editable_in_cart":false,"bundle_sold_individually_context":"","bundle_item_grouping":"","bundle_min_size":"","bundle_max_size":"","bundle_price":[],"bundled_items":[],"bundle_sell_ids":[],"acf":[],"_links":{"self":[{"href":"https:\/\/www.raschvin.com\/sv\/wp-json\/wp\/v2\/product\/49902","targetHints":{"allow":["GET"]}}],"collection":[{"href":"https:\/\/www.raschvin.com\/sv\/wp-json\/wp\/v2\/product"}],"about":[{"href":"https:\/\/www.raschvin.com\/sv\/wp-json\/wp\/v2\/types\/product"}],"wp:featuredmedia":[{"embeddable":true,"href":"https:\/\/www.raschvin.com\/sv\/wp-json\/wp\/v2\/media\/49970"}],"wp:attachment":[{"href":"https:\/\/www.raschvin.com\/sv\/wp-json\/wp\/v2\/media?parent=49902"}],"wp:term":[{"taxonomy":"product_brand","embeddable":true,"href":"https:\/\/www.raschvin.com\/sv\/wp-json\/wp\/v2\/product_brand?post=49902"},{"taxonomy":"product_cat","embeddable":true,"href":"https:\/\/www.raschvin.com\/sv\/wp-json\/wp\/v2\/product_cat?post=49902"},{"taxonomy":"product_tag","embeddable":true,"href":"https:\/\/www.raschvin.com\/sv\/wp-json\/wp\/v2\/product_tag?post=49902"}],"curies":[{"name":"wp","href":"https:\/\/api.w.org\/{rel}","templated":true}]}}