{"id":114553,"date":"2026-01-30T08:39:14","date_gmt":"2026-01-30T07:39:14","guid":{"rendered":"https:\/\/www.raschvin.com\/?post_type=product&#038;p=114553"},"modified":"2026-01-30T08:51:02","modified_gmt":"2026-01-30T07:51:02","slug":"elysis-rose-danjou-2024-75-cl-kopier","status":"publish","type":"product","link":"https:\/\/www.raschvin.com\/sv\/produkt\/elysis-rose-danjou-2024-75-cl-kopier\/","title":{"rendered":"Elysis Cabernet d\u2019Anjou 2024 75 cl."},"content":{"rendered":"<p data-start=\"11\" data-end=\"323\">Man kan inte annat \u00e4n gl\u00e4djas \u00e5t raka, livsglada m\u00e4nniskor och samtidigt avundas deras s\u00e4tt att vara. Precis s\u00e5 \u00e4r Elysis Cabernet d\u2019Anjou: okomplicerat h\u00e4rlig, munvattendrivande och helt jordn\u00e4ra. Den l\u00e4tta s\u00f6tman och den friska syran g\u00f6r vinet brett tilltalande utan att falla ner p\u00e5 l\u00e4gsta gemensamma n\u00e4mnare.<\/p>\n<p data-start=\"325\" data-end=\"728\">Vinet blir till strax s\u00f6der om Angers, d\u00e4r Loirefloden l\u00e5ngsamt r\u00f6r sig mot Atlanten. H\u00e4r odlas fr\u00e4mst Cabernet Franc, men ocks\u00e5 Cabernet Sauvignon, som utg\u00f6r en mindre del av vinet. N\u00e4r man k\u00f6per Cabernet d\u2019Anjou kan man vara s\u00e4ker p\u00e5 att f\u00e5 ett vin med viss rests\u00f6tma, och den h\u00e4r buteljeringen ligger p\u00e5 drygt 30 g\/liter \u2013 men ocks\u00e5 med r\u00e4tt syra f\u00f6r att ge en mycket v\u00e4lbalanserad helhetsupplevelse.<\/p>\n<p data-start=\"730\" data-end=\"898\">Bakom den skira laxrosa f\u00e4rgen d\u00f6ljer sig en relativt fyllig och intensiv ros\u00e9 med aromer av hallon, jordgubbar, galiamelon, syrliga karameller samt lite citronverbena.<\/p>\n<p data-start=\"900\" data-end=\"1129\">F\u00f6rutom att vara ett sj\u00e4lvklart vin i solsken passar det ocks\u00e5 utm\u00e4rkt till melon med lufttorkad skinka, chili crab, teriyakimarinad lax eller en kryddstark asiatisk r\u00e4tt med gr\u00f6nsaker \u2013 liksom till fisk, skaldjur eller kyckling.<\/p>\n<p data-start=\"1131\" data-end=\"1198\">Avnjuts v\u00e4l kylt direkt fr\u00e5n kylsk\u00e5pet, isbucketen eller kylv\u00e4skan.<\/p>\n","protected":false},"excerpt":{"rendered":"<p>Les Celliers du Prieur\u00e9 &#8211; Loire France<\/p>\n","protected":false},"featured_media":114563,"template":"","meta":{"_acf_changed":false,"rs_blank_template":"","rs_page_bg_color":"","slide_template_v7":""},"product_brand":[],"product_cat":[2796,7779,2788],"product_tag":[],"class_list":{"0":"post-114553","1":"product","2":"type-product","3":"status-publish","4":"has-post-thumbnail","6":"product_cat-rosevin-sv","7":"product_cat-sommar-rose","8":"product_cat-vin-sv","9":"pa_aargang-2024-sv","10":"pa_drue-cabernet-sv","11":"pa_land-frankrike","12":"pa_procent-10-5-sv","13":"pa_producent-les-celliers-du-prieure-sv","14":"pa_region-loire-sv","15":"pa_serveringstemperatur-8-10-sv","16":"pa_volume-75-sv","18":"first","19":"instock","20":"taxable","21":"shipping-taxable","22":"purchasable","23":"product-type-simple"},"bundled_by":[],"bundle_stock_status":"instock","bundle_stock_quantity":null,"bundle_virtual":false,"bundle_layout":"","bundle_add_to_cart_form_location":"","bundle_editable_in_cart":false,"bundle_sold_individually_context":"","bundle_item_grouping":"","bundle_min_size":"","bundle_max_size":"","bundle_price":[],"bundled_items":[],"bundle_sell_ids":[],"acf":[],"_links":{"self":[{"href":"https:\/\/www.raschvin.com\/sv\/wp-json\/wp\/v2\/product\/114553","targetHints":{"allow":["GET"]}}],"collection":[{"href":"https:\/\/www.raschvin.com\/sv\/wp-json\/wp\/v2\/product"}],"about":[{"href":"https:\/\/www.raschvin.com\/sv\/wp-json\/wp\/v2\/types\/product"}],"wp:featuredmedia":[{"embeddable":true,"href":"https:\/\/www.raschvin.com\/sv\/wp-json\/wp\/v2\/media\/114563"}],"wp:attachment":[{"href":"https:\/\/www.raschvin.com\/sv\/wp-json\/wp\/v2\/media?parent=114553"}],"wp:term":[{"taxonomy":"product_brand","embeddable":true,"href":"https:\/\/www.raschvin.com\/sv\/wp-json\/wp\/v2\/product_brand?post=114553"},{"taxonomy":"product_cat","embeddable":true,"href":"https:\/\/www.raschvin.com\/sv\/wp-json\/wp\/v2\/product_cat?post=114553"},{"taxonomy":"product_tag","embeddable":true,"href":"https:\/\/www.raschvin.com\/sv\/wp-json\/wp\/v2\/product_tag?post=114553"}],"curies":[{"name":"wp","href":"https:\/\/api.w.org\/{rel}","templated":true}]}}