{"id":103292,"date":"2025-10-30T17:59:59","date_gmt":"2025-10-30T16:59:59","guid":{"rendered":"https:\/\/www.raschvin.com\/?post_type=product&#038;p=103292"},"modified":"2025-10-30T18:02:39","modified_gmt":"2025-10-30T17:02:39","slug":"vilarnau-cava-brut-reserva-eco-75-cl-kopier-2","status":"publish","type":"product","link":"https:\/\/www.raschvin.com\/sv\/produkt\/vilarnau-cava-brut-reserva-eco-75-cl-kopier-2\/","title":{"rendered":"Vilarnau CAVA &#8211; Semi Seco (ECO) 75 cl."},"content":{"rendered":"<p data-start=\"1879\" data-end=\"2060\">Detta \u00e4r ett <strong data-start=\"1892\" data-end=\"1921\">ekologiskt (och veganskt)<\/strong> kvalitetscava fr\u00e5n den lilla producenten <strong data-start=\"1963\" data-end=\"1975\">Vilarnau<\/strong>, som grundades 1948 och sedan 1982 har varit en del av <strong data-start=\"2031\" data-end=\"2057\">Gonz\u00e1lez Byass-gruppen<\/strong>.<\/p>\n<p data-start=\"2062\" data-end=\"2345\">Med utg\u00e5ngspunkt i <strong data-start=\"2081\" data-end=\"2094\">20 hektar<\/strong> av Sant Sadurn\u00ed d\u2019Anoias h\u00f6gst bel\u00e4gna ving\u00e5rdar och det moderna vineriet <strong data-start=\"2169\" data-end=\"2188\">Finca Can Petit<\/strong>, med de majest\u00e4tiska <strong data-start=\"2210\" data-end=\"2231\">Montserrat-bergen<\/strong> som fond, skapar de erfarna oenologerna <strong data-start=\"2272\" data-end=\"2291\">Dami\u00e0 De\u00e0s Gual<\/strong> och <strong data-start=\"2296\" data-end=\"2310\">Eva Plazas<\/strong> en imponerande serie cava-viner.<\/p>\n<p data-start=\"2347\" data-end=\"2787\">Druvorna \u00e4r de klassiska cava-sorterna \u2014 <strong data-start=\"2388\" data-end=\"2405\">Macabeo (50%)<\/strong>, <strong data-start=\"2407\" data-end=\"2426\">Parellada (35%)<\/strong> och <strong data-start=\"2431\" data-end=\"2449\">Xarel\u00b7lo (15%)<\/strong>.<br data-start=\"2450\" data-end=\"2453\" \/>Denna <strong data-start=\"2459\" data-end=\"2483\">Demi-Sec \/ Semi-Seco<\/strong> ligger i den torrare delen av skalan och har en frisk syra som ger ett v\u00e4lbalanserat uttryck. Till skillnad fr\u00e5n m\u00e5nga andra cava av samma typ \u00e4r den gjord enbart av <strong data-start=\"2650\" data-end=\"2672\">f\u00f6rsta pressningen<\/strong>, vilket f\u00f6rklarar dess rena och eleganta stil \u2013 helt utan den lilla bitterhet som ofta finns i s\u00f6tare varianter.<\/p>\n<p data-start=\"2789\" data-end=\"3187\">Doft och smak pr\u00e4glas av tv\u00e5 huvudkomponenter: <strong data-start=\"2836\" data-end=\"2855\">Macabeo-druvans<\/strong> eleganta fruktighet med toner av gr\u00f6na \u00e4pplen, samt de <strong data-start=\"2911\" data-end=\"2951\">vin\u00f6sa och lagringsbetonade aromerna<\/strong>, som bidrar med djup och struktur. I b\u00e5de doft och smak m\u00e4rks druvornas mogna, fylliga karakt\u00e4r, balanserad av en frisk syra och ett j\u00e4mnt fl\u00f6de av fina bubblor. S\u00f6tman \u00e4r \u00e5terh\u00e5llsam och f\u00f6rst\u00e4rker vinets fyllighet utan att ta \u00f6ver.<\/p>\n<p data-start=\"3189\" data-end=\"3451\">Avnjut denna cava v\u00e4l kyld \u2014 <strong data-start=\"3218\" data-end=\"3259\">direkt fr\u00e5n kylen upp till ca 8\u201310 \u00b0C<\/strong> \u2014 som <strong data-start=\"3266\" data-end=\"3278\">aperitif<\/strong> n\u00e4r du vill ha n\u00e5got inte alltf\u00f6r torrt, eller prova den till <strong data-start=\"3341\" data-end=\"3368\">kryddstark asiatisk mat<\/strong>, d\u00e4r dess balans och friskhet klarar chili, ingef\u00e4ra eller galangal med elegans.<\/p>\n","protected":false},"excerpt":{"rendered":"<p>Pened\u00e8s &#8211; Spain<\/p>\n","protected":false},"featured_media":103310,"template":"","meta":{"_acf_changed":false,"rs_blank_template":"","rs_page_bg_color":"","slide_template_v7":""},"product_brand":[],"product_cat":[2780,2776],"product_tag":[],"class_list":{"0":"post-103292","1":"product","2":"type-product","3":"status-publish","4":"has-post-thumbnail","6":"product_cat-cava-sv","7":"product_cat-mousserende-sv","8":"pa_drue-macabeo-sv","9":"pa_drue-parellada-sv","10":"pa_drue-xarel-lo-sv","11":"pa_land-spanien-sv","12":"pa_oekologisk-ja-sv","13":"pa_procent-12-sv","14":"pa_producent-gonzalez-byass-sv","15":"pa_region-penedes-sv","16":"pa_serveringstemperatur-7-10-sv","17":"pa_volume-75-sv","19":"first","20":"instock","21":"taxable","22":"shipping-taxable","23":"purchasable","24":"product-type-simple"},"bundled_by":[],"bundle_stock_status":"instock","bundle_stock_quantity":null,"bundle_virtual":false,"bundle_layout":"","bundle_add_to_cart_form_location":"","bundle_editable_in_cart":false,"bundle_sold_individually_context":"","bundle_item_grouping":"","bundle_min_size":"","bundle_max_size":"","bundle_price":[],"bundled_items":[],"bundle_sell_ids":[],"acf":[],"_links":{"self":[{"href":"https:\/\/www.raschvin.com\/sv\/wp-json\/wp\/v2\/product\/103292","targetHints":{"allow":["GET"]}}],"collection":[{"href":"https:\/\/www.raschvin.com\/sv\/wp-json\/wp\/v2\/product"}],"about":[{"href":"https:\/\/www.raschvin.com\/sv\/wp-json\/wp\/v2\/types\/product"}],"wp:featuredmedia":[{"embeddable":true,"href":"https:\/\/www.raschvin.com\/sv\/wp-json\/wp\/v2\/media\/103310"}],"wp:attachment":[{"href":"https:\/\/www.raschvin.com\/sv\/wp-json\/wp\/v2\/media?parent=103292"}],"wp:term":[{"taxonomy":"product_brand","embeddable":true,"href":"https:\/\/www.raschvin.com\/sv\/wp-json\/wp\/v2\/product_brand?post=103292"},{"taxonomy":"product_cat","embeddable":true,"href":"https:\/\/www.raschvin.com\/sv\/wp-json\/wp\/v2\/product_cat?post=103292"},{"taxonomy":"product_tag","embeddable":true,"href":"https:\/\/www.raschvin.com\/sv\/wp-json\/wp\/v2\/product_tag?post=103292"}],"curies":[{"name":"wp","href":"https:\/\/api.w.org\/{rel}","templated":true}]}}